{"id":540,"date":"2024-07-17T13:05:28","date_gmt":"2024-07-17T11:05:28","guid":{"rendered":"https:\/\/casaruralabuela.es\/?page_id=540"},"modified":"2025-06-25T19:52:06","modified_gmt":"2025-06-25T17:52:06","slug":"politica-de-privacidad","status":"publish","type":"page","link":"https:\/\/casaruralabuela.es\/index.php\/politica-de-privacidad\/","title":{"rendered":"Pol\u00edtica de Privacidad"},"content":{"rendered":"\t\t<div data-elementor-type=\"wp-page\" data-elementor-id=\"540\" class=\"elementor elementor-540\" data-elementor-post-type=\"page\">\n\t\t\t\t<div class=\"elementor-element elementor-element-fb2477c e-con-full e-flex e-con e-parent\" data-id=\"fb2477c\" data-element_type=\"container\" data-settings=\"{&quot;background_background&quot;:&quot;classic&quot;}\">\n\t\t\t\t<div class=\"elementor-element elementor-element-6dd8956 elementor-widget elementor-widget-heading\" data-id=\"6dd8956\" data-element_type=\"widget\" data-widget_type=\"heading.default\">\n\t\t\t\t<div class=\"elementor-widget-container\">\n\t\t\t\t\t<h2 class=\"elementor-heading-title elementor-size-default\">POL\u00cdTICA DE PRIVACIDAD<\/h2>\t\t\t\t<\/div>\n\t\t\t\t<\/div>\n\t\t\t\t<\/div>\n\t\t<div class=\"elementor-element elementor-element-7ba4848 e-flex e-con-boxed e-con e-parent\" data-id=\"7ba4848\" data-element_type=\"container\">\n\t\t\t\t\t<div class=\"e-con-inner\">\n\t\t\t\t<div class=\"elementor-element elementor-element-445e1e1 elementor-widget elementor-widget-text-editor\" data-id=\"445e1e1\" data-element_type=\"widget\" data-widget_type=\"text-editor.default\">\n\t\t\t\t<div class=\"elementor-widget-container\">\n\t\t\t\t\t\t\t\t\t<p>De conformidad con lo establecido en la normativa vigente y aplicable de protecci\u00f3n de datos de car\u00e1cter <br \/>personal y la Ley 34\/2002, de 11 de julio, de Servicios de la Sociedad de la Informaci\u00f3n y de Comercio <br \/>Electr\u00f3nico (LSSI-CE), JOSE LUIS MILLAN ROY informa a los usuarios, que ha procedido a crear un <br \/>perfil en la\/s Red\/es Social\/es Facebook, Instagram, con la finalidad principal de publicitar sus productos y <br \/>servicios.<\/p><p>Datos de JOSE LUIS MILLAN ROY: <\/p><ul><li>NIF: 17442917Q<\/li><li>DIRECCI\u00d3N: CL.NUEVA, 7,50299 EMBID DE LA RIBERA(ZARAGOZA)<\/li><li>CORREO ELECTR\u00d3NICO: info@casaruralabuela.com<\/li><\/ul><p>\u00a0<\/p><p>El usuario dispone de un perfil en la misma Red Social y ha decidido unirse a la p\u00e1gina creada por JOSE <br \/>LUIS MILLAN ROY, mostrando as\u00ed inter\u00e9s en la informaci\u00f3n que se publicite en la Red. Al unirse a <br \/>nuestra p\u00e1gina, nos facilita su consentimiento para el tratamiento de aquellos datos personales publicados <br \/>en su perfil.<\/p><p><br \/>El usuario puede acceder en todo momento a las pol\u00edticas de privacidad de la propia Red Social, as\u00ed como <br \/>configurar su perfil para garantizar su privacidad. <br \/>JOSE LUIS MILLAN ROY tiene acceso y trata aquella informaci\u00f3n p\u00fablica del usuario, en especial, su <br \/>nombre de contacto. Estos datos, s\u00f3lo son utilizados dentro de la propia Red Social. No son incorporados <br \/>a ning\u00fan sistema de tratamiento.<\/p><p><em>Derechos de los interesados<\/em><\/p><p>En relaci\u00f3n a los derechos de acceso, rectificaci\u00f3n, limitaci\u00f3n de tratamiento, supresi\u00f3n, portabilidad y <br \/>oposici\u00f3n al tratamiento de sus datos de car\u00e1cter personal, de los que usted dispone y que pueden ser <br \/>ejercitados ante JOSE LUIS MILLAN ROY, de acuerdo con la RGPD, debe tener en cuenta los siguientes <br \/>matices:<\/p><ul><li>Derecho de Acceso: Es el derecho del usuario a obtener informaci\u00f3n sobre sus datos concretos <br \/>de car\u00e1cter personal y del tratamiento que se haya realizado o realice, as\u00ed como de la <br \/>informaci\u00f3n disponible sobre el origen de dichos datos y las comunicaciones realizadas o <br \/>previstas de los mismos.<\/li><li>Derecho de Rectificaci\u00f3n: Es el derecho del afectado a que se modifiquen los datos que resulten <br \/>ser inexactos o incompletos. S\u00f3lo podr\u00e1 satisfacerse en relaci\u00f3n a aquella informaci\u00f3n que se <br \/>encuentre bajo el control de JOSE LUIS MILLAN ROY, por ejemplo, eliminar comentarios <br \/>publicados en la propia p\u00e1gina, im\u00e1genes o contenidos web donde consten datos de car\u00e1cter <br \/>personal del usuario.<\/li><li>Derecho a la Limitaci\u00f3n de tratamiento: Es el derecho a que se limiten los fines del tratamiento <br \/>previstos de forma original por el responsable del tratamiento.<\/li><li>Derecho de Supresi\u00f3n: Es el derecho a suprimir los datos de car\u00e1cter personal del usuario, a <br \/>excepci\u00f3n de lo previsto en el propio RGPD o en otras normativas aplicables que determinen la <br \/>obligatoriedad de la conservaci\u00f3n de los mismos, en tiempo y forma.<\/li><li>Derecho de portabilidad: El derecho a recibir los datos personales que el usuario, haya facilitado, <br \/>en un formato estructurado, de uso com\u00fan y lectura mec\u00e1nica, y a transmitirlos a otro <br \/>responsable.<\/li><li>Derecho de Oposici\u00f3n: Es el derecho del usuario a que no se lleve a cabo el tratamiento de sus <br \/>datos de car\u00e1cter personal o se cese el tratamiento de los mismos por parte de JOSE LUIS <br \/>MILLAN ROY.<\/li><\/ul><p>JOSE LUIS MILLAN ROY realizar\u00e1 las siguientes actuaciones:<\/p><ul><li>Acceso a la informaci\u00f3n p\u00fablica del perfil. <\/li><li>Publicaci\u00f3n en el perfil del usuario de toda aquella informaci\u00f3n ya publicada en la p\u00e1gina de <br \/>JOSE LUIS MILLAN ROY.<\/li><li>Enviar mensajes personales e individuales a trav\u00e9s de los canales de la Red Social. <\/li><li>Actualizaciones del estado de la p\u00e1gina que se publicar\u00e1n en el perfil del usuario.<\/li><\/ul><p>El usuario siempre puede controlar sus conexiones, eliminar los contenidos que dejen de interesarle y <br \/>restringir con qui\u00e9n comparte sus conexiones, para ello deber\u00e1 acceder a su configuraci\u00f3n de privacidad.<\/p><p><em>Publicaciones<\/em><\/p><p>El usuario, una vez unido a la p\u00e1gina de JOSE LUIS MILLAN ROY, podr\u00e1 publicar en \u00e9sta \u00faltima <br \/>comentarios, enlaces, im\u00e1genes o fotograf\u00edas o cualquier otro tipo de contenido multimedia soportado por <br \/>la Red Social. El usuario, en todos los casos, debe ser el titular de los mismos, gozar de los derechos de <br \/>autor y de propiedad intelectual o contar con el consentimiento de los terceros afectados. Se proh\u00edbe <br \/>expresamente cualquier publicaci\u00f3n en la p\u00e1gina, ya sean textos, gr\u00e1ficos, fotograf\u00edas, v\u00eddeos, etc. que <br \/>atenten o sean susceptibles de atentar contra la moral, la \u00e9tica, el buen gusto o el decoro, y\/o que <br \/>infrinjan, violen o quebranten los derechos de propiedad intelectual o industrial, el derecho a la imagen o <br \/>la Ley. En estos casos, JOSE LUIS MILLAN ROY se reserva el derecho a retirar de inmediato el <br \/>contenido, pudiendo solicitar el bloqueo permanente del usuario.<\/p><p>JOSE LUIS MILLAN ROY no se har\u00e1 responsable de los contenidos que libremente ha publicado un <br \/>usuario.<\/p><p>El usuario debe tener presente que sus publicaciones ser\u00e1n conocidas por los otros usuarios, por lo que <br \/>\u00e9l mismo es el principal responsable de su privacidad.<\/p><p>Las im\u00e1genes que puedan publicarse en la p\u00e1gina no ser\u00e1n almacenadas en ning\u00fan sistema de <br \/>tratamiento por parte de JOSE LUIS MILLAN ROY, pero s\u00ed que permanecer\u00e1n en la Red Social.<\/p><p><em>Concursos y promociones<\/em><\/p><p>JOSE LUIS MILLAN ROY se reserva el derecho a realizar concursos y promociones, en los que podr\u00e1 <br \/>participar el usuario unido a su p\u00e1gina. Las bases de cada uno de ellos, cuando se utilice para ello la <br \/>plataforma de la Red Social, ser\u00e1n publicadas en la misma. Cumpliendo siempre con la LSSI-CE y con <br \/>cualquier otra norma que le sea de aplicaci\u00f3n.<\/p><p>La Red Social no patrocina, avala ni administra, de modo alguno, ninguna de nuestras promociones, ni <br \/>est\u00e1 asociada a ninguna de ellas.<\/p><p><em>Publicidad<\/em> <\/p><p>JOSE LUIS MILLAN ROY utilizar\u00e1 la Red Social para publicitar sus productos y servicios, en todo caso, si <br \/>decide tratar sus datos de contacto para realizar acciones directas de prospecci\u00f3n comercial, ser\u00e1 <br \/>siempre, cumpliendo con las exigencias legales de la normativa en materia de protecci\u00f3n de datos y de la <br \/>LSSI-CE.<\/p><p><br \/>No se considerar\u00e1 publicidad el hecho de recomendar a otros usuarios la p\u00e1gina de JOSE LUIS MILLAN <br \/>ROY para que tambi\u00e9n ellos puedan disfrutar de las promociones o estar informados de su actividad. <\/p><p>A continuaci\u00f3n, detallamos el enlace a la pol\u00edtica de privacidad de la Red Social: <\/p><p>Facebook: https:\/\/es-es.facebook.com\/privacy\/explanation<\/p><p>Instagram:http:\/\/instagram.com\/about\/legal\/privacy\/<\/p><p>\u00a0<\/p>\t\t\t\t\t\t\t\t<\/div>\n\t\t\t\t<\/div>\n\t\t\t\t\t<\/div>\n\t\t\t\t<\/div>\n\t\t\t\t<\/div>\n\t\t","protected":false},"excerpt":{"rendered":"<p>POL\u00cdTICA DE PRIVACIDAD De conformidad con lo establecido en la normativa vigente y aplicable de protecci\u00f3n de datos de car\u00e1cter personal y la Ley 34\/2002, de 11 de julio, de Servicios de la Sociedad de la Informaci\u00f3n y de Comercio Electr\u00f3nico (LSSI-CE), JOSE LUIS MILLAN ROY informa a los usuarios, que ha procedido a crear [&hellip;]<\/p>\n","protected":false},"author":1,"featured_media":0,"parent":0,"menu_order":0,"comment_status":"closed","ping_status":"closed","template":"","meta":{"_joinchat":[],"footnotes":""},"class_list":["post-540","page","type-page","status-publish","hentry"],"yoast_head":"<!-- This site is optimized with the Yoast SEO plugin v25.3.1 - https:\/\/yoast.com\/wordpress\/plugins\/seo\/ -->\n<title>Pol\u00edtica de Privacidad &#8211; Casa Rural Abuela<\/title>\n<meta name=\"description\" content=\"Toda la info sobre: Pol\u00edtica de Privacidad\" \/>\n<meta name=\"robots\" content=\"index, nofollow, max-snippet:-1, max-image-preview:large, max-video-preview:-1\" \/>\n<link rel=\"canonical\" href=\"https:\/\/casaruralabuela.es\/index.php\/politica-de-privacidad\/\" \/>\n<meta property=\"og:locale\" content=\"es_ES\" \/>\n<meta property=\"og:type\" content=\"article\" \/>\n<meta property=\"og:title\" content=\"Pol\u00edtica de Privacidad &#8211; Casa Rural Abuela\" \/>\n<meta property=\"og:description\" content=\"Toda la info sobre: Pol\u00edtica de Privacidad\" \/>\n<meta property=\"og:url\" content=\"https:\/\/casaruralabuela.es\/index.php\/politica-de-privacidad\/\" \/>\n<meta property=\"og:site_name\" content=\"Casa Rural Abuela\" \/>\n<meta property=\"article:publisher\" content=\"https:\/\/www.facebook.com\/casalaabuelasabina\" \/>\n<meta property=\"article:modified_time\" content=\"2025-06-25T17:52:06+00:00\" \/>\n<meta property=\"og:image\" content=\"https:\/\/casaruralabuela.es\/wp-content\/uploads\/2024\/05\/cropped-Logo-Casa-Rural-La-Abuela.png\" \/>\n\t<meta property=\"og:image:width\" content=\"512\" \/>\n\t<meta property=\"og:image:height\" content=\"512\" \/>\n\t<meta property=\"og:image:type\" content=\"image\/png\" \/>\n<meta name=\"twitter:card\" content=\"summary_large_image\" \/>\n<script type=\"application\/ld+json\" class=\"yoast-schema-graph\">{\"@context\":\"https:\/\/schema.org\",\"@graph\":[{\"@type\":\"WebPage\",\"@id\":\"https:\/\/casaruralabuela.es\/index.php\/politica-de-privacidad\/\",\"url\":\"https:\/\/casaruralabuela.es\/index.php\/politica-de-privacidad\/\",\"name\":\"Pol\u00edtica de Privacidad &#8211; Casa Rural Abuela\",\"isPartOf\":{\"@id\":\"https:\/\/casaruralabuela.es\/#website\"},\"datePublished\":\"2024-07-17T11:05:28+00:00\",\"dateModified\":\"2025-06-25T17:52:06+00:00\",\"description\":\"Toda la info sobre: Pol\u00edtica de Privacidad\",\"breadcrumb\":{\"@id\":\"https:\/\/casaruralabuela.es\/index.php\/politica-de-privacidad\/#breadcrumb\"},\"inLanguage\":\"es\",\"potentialAction\":[{\"@type\":\"ReadAction\",\"target\":[\"https:\/\/casaruralabuela.es\/index.php\/politica-de-privacidad\/\"]}]},{\"@type\":\"BreadcrumbList\",\"@id\":\"https:\/\/casaruralabuela.es\/index.php\/politica-de-privacidad\/#breadcrumb\",\"itemListElement\":[{\"@type\":\"ListItem\",\"position\":1,\"name\":\"Portada\",\"item\":\"https:\/\/casaruralabuela.es\/\"},{\"@type\":\"ListItem\",\"position\":2,\"name\":\"Pol\u00edtica de Privacidad\"}]},{\"@type\":\"WebSite\",\"@id\":\"https:\/\/casaruralabuela.es\/#website\",\"url\":\"https:\/\/casaruralabuela.es\/\",\"name\":\"Casa Rural Abuela\",\"description\":\"S\u00f3lo otro sitio de WordPress\",\"publisher\":{\"@id\":\"https:\/\/casaruralabuela.es\/#organization\"},\"potentialAction\":[{\"@type\":\"SearchAction\",\"target\":{\"@type\":\"EntryPoint\",\"urlTemplate\":\"https:\/\/casaruralabuela.es\/?s={search_term_string}\"},\"query-input\":{\"@type\":\"PropertyValueSpecification\",\"valueRequired\":true,\"valueName\":\"search_term_string\"}}],\"inLanguage\":\"es\"},{\"@type\":\"Organization\",\"@id\":\"https:\/\/casaruralabuela.es\/#organization\",\"name\":\"Casa Rural La Abuela\",\"url\":\"https:\/\/casaruralabuela.es\/\",\"logo\":{\"@type\":\"ImageObject\",\"inLanguage\":\"es\",\"@id\":\"https:\/\/casaruralabuela.es\/#\/schema\/logo\/image\/\",\"url\":\"https:\/\/casaruralabuela.es\/wp-content\/uploads\/2024\/05\/cropped-Logo-Casa-Rural-La-Abuela.png\",\"contentUrl\":\"https:\/\/casaruralabuela.es\/wp-content\/uploads\/2024\/05\/cropped-Logo-Casa-Rural-La-Abuela.png\",\"width\":512,\"height\":512,\"caption\":\"Casa Rural La Abuela\"},\"image\":{\"@id\":\"https:\/\/casaruralabuela.es\/#\/schema\/logo\/image\/\"},\"sameAs\":[\"https:\/\/www.facebook.com\/casalaabuelasabina\",\"https:\/\/www.instagram.com\/casa_rural_la_abuela\/\"]}]}<\/script>\n<!-- \/ Yoast SEO plugin. -->","yoast_head_json":{"title":"Pol\u00edtica de Privacidad &#8211; Casa Rural Abuela","description":"Toda la info sobre: Pol\u00edtica de Privacidad","robots":{"index":"index","follow":"nofollow","max-snippet":"max-snippet:-1","max-image-preview":"max-image-preview:large","max-video-preview":"max-video-preview:-1"},"canonical":"https:\/\/casaruralabuela.es\/index.php\/politica-de-privacidad\/","og_locale":"es_ES","og_type":"article","og_title":"Pol\u00edtica de Privacidad &#8211; Casa Rural Abuela","og_description":"Toda la info sobre: Pol\u00edtica de Privacidad","og_url":"https:\/\/casaruralabuela.es\/index.php\/politica-de-privacidad\/","og_site_name":"Casa Rural Abuela","article_publisher":"https:\/\/www.facebook.com\/casalaabuelasabina","article_modified_time":"2025-06-25T17:52:06+00:00","og_image":[{"width":512,"height":512,"url":"https:\/\/casaruralabuela.es\/wp-content\/uploads\/2024\/05\/cropped-Logo-Casa-Rural-La-Abuela.png","type":"image\/png"}],"twitter_card":"summary_large_image","schema":{"@context":"https:\/\/schema.org","@graph":[{"@type":"WebPage","@id":"https:\/\/casaruralabuela.es\/index.php\/politica-de-privacidad\/","url":"https:\/\/casaruralabuela.es\/index.php\/politica-de-privacidad\/","name":"Pol\u00edtica de Privacidad &#8211; Casa Rural Abuela","isPartOf":{"@id":"https:\/\/casaruralabuela.es\/#website"},"datePublished":"2024-07-17T11:05:28+00:00","dateModified":"2025-06-25T17:52:06+00:00","description":"Toda la info sobre: Pol\u00edtica de Privacidad","breadcrumb":{"@id":"https:\/\/casaruralabuela.es\/index.php\/politica-de-privacidad\/#breadcrumb"},"inLanguage":"es","potentialAction":[{"@type":"ReadAction","target":["https:\/\/casaruralabuela.es\/index.php\/politica-de-privacidad\/"]}]},{"@type":"BreadcrumbList","@id":"https:\/\/casaruralabuela.es\/index.php\/politica-de-privacidad\/#breadcrumb","itemListElement":[{"@type":"ListItem","position":1,"name":"Portada","item":"https:\/\/casaruralabuela.es\/"},{"@type":"ListItem","position":2,"name":"Pol\u00edtica de Privacidad"}]},{"@type":"WebSite","@id":"https:\/\/casaruralabuela.es\/#website","url":"https:\/\/casaruralabuela.es\/","name":"Casa Rural Abuela","description":"S\u00f3lo otro sitio de WordPress","publisher":{"@id":"https:\/\/casaruralabuela.es\/#organization"},"potentialAction":[{"@type":"SearchAction","target":{"@type":"EntryPoint","urlTemplate":"https:\/\/casaruralabuela.es\/?s={search_term_string}"},"query-input":{"@type":"PropertyValueSpecification","valueRequired":true,"valueName":"search_term_string"}}],"inLanguage":"es"},{"@type":"Organization","@id":"https:\/\/casaruralabuela.es\/#organization","name":"Casa Rural La Abuela","url":"https:\/\/casaruralabuela.es\/","logo":{"@type":"ImageObject","inLanguage":"es","@id":"https:\/\/casaruralabuela.es\/#\/schema\/logo\/image\/","url":"https:\/\/casaruralabuela.es\/wp-content\/uploads\/2024\/05\/cropped-Logo-Casa-Rural-La-Abuela.png","contentUrl":"https:\/\/casaruralabuela.es\/wp-content\/uploads\/2024\/05\/cropped-Logo-Casa-Rural-La-Abuela.png","width":512,"height":512,"caption":"Casa Rural La Abuela"},"image":{"@id":"https:\/\/casaruralabuela.es\/#\/schema\/logo\/image\/"},"sameAs":["https:\/\/www.facebook.com\/casalaabuelasabina","https:\/\/www.instagram.com\/casa_rural_la_abuela\/"]}]}},"_links":{"self":[{"href":"https:\/\/casaruralabuela.es\/index.php\/wp-json\/wp\/v2\/pages\/540","targetHints":{"allow":["GET"]}}],"collection":[{"href":"https:\/\/casaruralabuela.es\/index.php\/wp-json\/wp\/v2\/pages"}],"about":[{"href":"https:\/\/casaruralabuela.es\/index.php\/wp-json\/wp\/v2\/types\/page"}],"author":[{"embeddable":true,"href":"https:\/\/casaruralabuela.es\/index.php\/wp-json\/wp\/v2\/users\/1"}],"replies":[{"embeddable":true,"href":"https:\/\/casaruralabuela.es\/index.php\/wp-json\/wp\/v2\/comments?post=540"}],"version-history":[{"count":13,"href":"https:\/\/casaruralabuela.es\/index.php\/wp-json\/wp\/v2\/pages\/540\/revisions"}],"predecessor-version":[{"id":634,"href":"https:\/\/casaruralabuela.es\/index.php\/wp-json\/wp\/v2\/pages\/540\/revisions\/634"}],"wp:attachment":[{"href":"https:\/\/casaruralabuela.es\/index.php\/wp-json\/wp\/v2\/media?parent=540"}],"curies":[{"name":"wp","href":"https:\/\/api.w.org\/{rel}","templated":true}]}}